{"id":28410,"date":"2022-04-11T22:00:28","date_gmt":"2022-04-11T22:00:28","guid":{"rendered":"https:\/\/dev-castillo-de-canena.pantheonsite.io\/producto\/reserva-familiar-arbequina\/"},"modified":"2023-11-27T00:00:10","modified_gmt":"2023-11-27T00:00:10","slug":"reserve-familiale-arbequina","status":"publish","type":"product","link":"https:\/\/www.castillodecanena.com\/fr\/producto\/reserve-familiale-arbequina\/","title":{"rendered":"R\u00e9serve Familiale Arbequina"},"content":{"rendered":"<p>L\u2019huile d\u2019olive vierge extra Reserva Familiar Arbequina est le produit embl\u00e9matique de Castillo de Canena, au m\u00eame niveau que le Reserva Familiar Picual.<\/p>\n<p>&nbsp;<\/p>\n<p>Sa couleur verte avec des tonalit\u00e9s dor\u00e9es sont le r\u00e9sultat d\u2019une <strong>r\u00e9colte pr\u00e9coce et d\u2019une r\u00e9colte d\u2019olive encore verte, afin d\u2019obtenir une huile de tr\u00e8s grande qualit\u00e9<\/strong><strong>.<\/strong><\/p>\n<p>&nbsp;<\/p>\n<p>Pendant des g\u00e9n\u00e9rations, la meilleure partie des r\u00e9coltes de chaque vari\u00e9t\u00e9 (Picual et Arbequina) a \u00e9t\u00e9 exclusivement r\u00e9serv\u00e9e \u00e0 notre famille. Aujourd\u2019hui, nous voulons partager cette s\u00e9lection de nos meilleures olives de la <strong>vari\u00e9t\u00e9 Arbequina<\/strong> en offrant une huile vierge extra \u00e9quilibr\u00e9e et harmonique.<\/p>\n<h6><\/h6>\n<h6>DESCRIPTION<\/h6>\n<p>Pr\u00e9sent\u00e9 dans une bouteille de verre sombre, l\u2019huile d\u2019olive vierge extra Reserva Familiar Arbequina est une huile au fruit\u00e9 moyen intense d\u2019olive en cours de murissement, avec des ar\u00f4mes compl\u00e9mentaires rappelant l\u2019amande verte, la coquille de noix, la pomme, la p\u00eache et le coing m\u00e9lang\u00e9 \u00e0 de l\u00e9g\u00e8res touches herbac\u00e9es.<\/p>\n<p>&nbsp;<\/p>\n<h6>INFORMATION ADDITIONNELLE<\/h6>\n<p><u>Suggestion de consommation <\/u>: l\u2019huile d\u2019olive vierge extra Reserva Familiar Arbequina est excellente pour cuisinier des poissons, faire des vinaigrettes et des mayonnaises. En p\u00e2tisserie, elle remplace le beurre \u00e0 la perfection pour pr\u00e9parer des biscuits ou des cr\u00e8mes.<\/p>\n<p>&nbsp;<\/p>\n<p>Conserver dans un endroit frais, \u00e0 l\u2019abri de la lumi\u00e8re et de la chaleur.<\/p>\n","protected":false},"excerpt":{"rendered":"<p>Depuis des g\u00e9n\u00e9rations, il est de coutume que le meilleur des r\u00e9coltes de chaque vari\u00e9t\u00e9 (arbequino et picual) reste pour la maison dans une r\u00e9serve familiale renomm\u00e9e.<\/p>\n","protected":false},"featured_media":49272,"template":"","meta":{"_acf_changed":false,"wprm-recipe-roundup-name":"","wprm-recipe-roundup-description":""},"product_cat":[3057,3065],"product_tag":[],"class_list":{"0":"post-28410","1":"product","2":"type-product","3":"status-publish","4":"has-post-thumbnail","6":"product_cat-huile-dolive-vierge-extra","7":"product_cat-reserve-familiale","9":"first","10":"instock","11":"purchasable","12":"product-type-simple"},"acf":[],"yoast_head":"<!-- This site is optimized with the Yoast SEO plugin v25.6 - https:\/\/yoast.com\/wordpress\/plugins\/seo\/ -->\n<title>R\u00e9serve Familiale Arbequina - Castillo de Canena<\/title>\n<meta name=\"description\" content=\"Reserva Familiar Arbequina. Notre huile d&#039;olive arbequine d&#039;olive verte, \u00e9quilibr\u00e9, harmonieux et arri\u00e8re-go\u00fbt d&#039;amande.\" \/>\n<meta name=\"robots\" content=\"index, follow, max-snippet:-1, max-image-preview:large, max-video-preview:-1\" \/>\n<link rel=\"canonical\" href=\"https:\/\/www.castillodecanena.com\/fr\/producto\/reserve-familiale-arbequina\/\" \/>\n<meta property=\"og:locale\" content=\"fr_FR\" \/>\n<meta property=\"og:type\" content=\"article\" \/>\n<meta property=\"og:title\" content=\"R\u00e9serve Familiale Arbequina - Castillo de Canena\" \/>\n<meta property=\"og:description\" content=\"Reserva Familiar Arbequina. Notre huile d&#039;olive arbequine d&#039;olive verte, \u00e9quilibr\u00e9, harmonieux et arri\u00e8re-go\u00fbt d&#039;amande.\" \/>\n<meta property=\"og:url\" content=\"https:\/\/www.castillodecanena.com\/fr\/producto\/reserve-familiale-arbequina\/\" \/>\n<meta property=\"og:site_name\" content=\"Castillo de Canena\" \/>\n<meta property=\"article:publisher\" content=\"https:\/\/www.facebook.com\/Castillo.de.Canena\" \/>\n<meta property=\"article:modified_time\" content=\"2023-11-27T00:00:10+00:00\" \/>\n<meta property=\"og:image\" content=\"https:\/\/www.castillodecanena.com\/wp-content\/uploads\/2022\/04\/reserva-familiar-arbequina-500ml.png\" \/>\n\t<meta property=\"og:image:width\" content=\"400\" \/>\n\t<meta property=\"og:image:height\" content=\"400\" \/>\n\t<meta property=\"og:image:type\" content=\"image\/png\" \/>\n<meta name=\"twitter:card\" content=\"summary_large_image\" \/>\n<meta name=\"twitter:site\" content=\"@CastillodCanena\" \/>\n<script type=\"application\/ld+json\" class=\"yoast-schema-graph\">{\"@context\":\"https:\/\/schema.org\",\"@graph\":[{\"@type\":[\"WebPage\",\"ItemPage\"],\"@id\":\"https:\/\/www.castillodecanena.com\/fr\/producto\/reserve-familiale-arbequina\/\",\"url\":\"https:\/\/www.castillodecanena.com\/fr\/producto\/reserve-familiale-arbequina\/\",\"name\":\"R\u00e9serve Familiale Arbequina - Castillo de Canena\",\"isPartOf\":{\"@id\":\"https:\/\/www.castillodecanena.com\/fr\/#website\"},\"primaryImageOfPage\":{\"@id\":\"https:\/\/www.castillodecanena.com\/fr\/producto\/reserve-familiale-arbequina\/#primaryimage\"},\"image\":{\"@id\":\"https:\/\/www.castillodecanena.com\/fr\/producto\/reserve-familiale-arbequina\/#primaryimage\"},\"thumbnailUrl\":\"https:\/\/www.castillodecanena.com\/wp-content\/uploads\/2023\/10\/rf-arb-500-esp-modif.jpg\",\"datePublished\":\"2022-04-11T22:00:28+00:00\",\"dateModified\":\"2023-11-27T00:00:10+00:00\",\"description\":\"Reserva Familiar Arbequina. Notre huile d'olive arbequine d'olive verte, \u00e9quilibr\u00e9, harmonieux et arri\u00e8re-go\u00fbt d'amande.\",\"breadcrumb\":{\"@id\":\"https:\/\/www.castillodecanena.com\/fr\/producto\/reserve-familiale-arbequina\/#breadcrumb\"},\"inLanguage\":\"fr-FR\",\"potentialAction\":[{\"@type\":\"ReadAction\",\"target\":[\"https:\/\/www.castillodecanena.com\/fr\/producto\/reserve-familiale-arbequina\/\"]}]},{\"@type\":\"ImageObject\",\"inLanguage\":\"fr-FR\",\"@id\":\"https:\/\/www.castillodecanena.com\/fr\/producto\/reserve-familiale-arbequina\/#primaryimage\",\"url\":\"https:\/\/www.castillodecanena.com\/wp-content\/uploads\/2023\/10\/rf-arb-500-esp-modif.jpg\",\"contentUrl\":\"https:\/\/www.castillodecanena.com\/wp-content\/uploads\/2023\/10\/rf-arb-500-esp-modif.jpg\",\"width\":1600,\"height\":1600},{\"@type\":\"BreadcrumbList\",\"@id\":\"https:\/\/www.castillodecanena.com\/fr\/producto\/reserve-familiale-arbequina\/#breadcrumb\",\"itemListElement\":[{\"@type\":\"ListItem\",\"position\":1,\"name\":\"Home\",\"item\":\"https:\/\/www.castillodecanena.com\/fr\/\"},{\"@type\":\"ListItem\",\"position\":2,\"name\":\"Tienda\",\"item\":\"https:\/\/www.castillodecanena.com\/fr\/tienda\/\"},{\"@type\":\"ListItem\",\"position\":3,\"name\":\"R\u00e9serve Familiale Arbequina\"}]},{\"@type\":\"WebSite\",\"@id\":\"https:\/\/www.castillodecanena.com\/fr\/#website\",\"url\":\"https:\/\/www.castillodecanena.com\/fr\/\",\"name\":\"Castillo de Canena\",\"description\":\"Aceites de Oliva virgen extra Premium\",\"publisher\":{\"@id\":\"https:\/\/www.castillodecanena.com\/fr\/#organization\"},\"potentialAction\":[{\"@type\":\"SearchAction\",\"target\":{\"@type\":\"EntryPoint\",\"urlTemplate\":\"https:\/\/www.castillodecanena.com\/fr\/?s={search_term_string}\"},\"query-input\":{\"@type\":\"PropertyValueSpecification\",\"valueRequired\":true,\"valueName\":\"search_term_string\"}}],\"inLanguage\":\"fr-FR\"},{\"@type\":\"Organization\",\"@id\":\"https:\/\/www.castillodecanena.com\/fr\/#organization\",\"name\":\"Castillo de Canena\",\"url\":\"https:\/\/www.castillodecanena.com\/fr\/\",\"logo\":{\"@type\":\"ImageObject\",\"inLanguage\":\"fr-FR\",\"@id\":\"https:\/\/www.castillodecanena.com\/fr\/#\/schema\/logo\/image\/\",\"url\":\"https:\/\/castillodecanena.com\/wp-content\/uploads\/2021\/08\/logo_castillo-de-canena_small.webp\",\"contentUrl\":\"https:\/\/castillodecanena.com\/wp-content\/uploads\/2021\/08\/logo_castillo-de-canena_small.webp\",\"width\":250,\"height\":174,\"caption\":\"Castillo de Canena\"},\"image\":{\"@id\":\"https:\/\/www.castillodecanena.com\/fr\/#\/schema\/logo\/image\/\"},\"sameAs\":[\"https:\/\/www.facebook.com\/Castillo.de.Canena\",\"https:\/\/x.com\/CastillodCanena\",\"https:\/\/www.instagram.com\/castillodecanena\/\",\"https:\/\/www.linkedin.com\/company\/castillo-de-canena-olive-juice\",\"https:\/\/www.pinterest.es\/castillodcanena\/\",\"https:\/\/www.youtube.com\/channel\/UCL64xPwm_9Atq2y1JxmwnxQ\",\"https:\/\/es.wikipedia.org\/wiki\/Castillo_de_Canena_(empresa)\"]}]}<\/script>\n<!-- \/ Yoast SEO plugin. -->","yoast_head_json":{"title":"R\u00e9serve Familiale Arbequina - Castillo de Canena","description":"Reserva Familiar Arbequina. Notre huile d'olive arbequine d'olive verte, \u00e9quilibr\u00e9, harmonieux et arri\u00e8re-go\u00fbt d'amande.","robots":{"index":"index","follow":"follow","max-snippet":"max-snippet:-1","max-image-preview":"max-image-preview:large","max-video-preview":"max-video-preview:-1"},"canonical":"https:\/\/www.castillodecanena.com\/fr\/producto\/reserve-familiale-arbequina\/","og_locale":"fr_FR","og_type":"article","og_title":"R\u00e9serve Familiale Arbequina - Castillo de Canena","og_description":"Reserva Familiar Arbequina. Notre huile d'olive arbequine d'olive verte, \u00e9quilibr\u00e9, harmonieux et arri\u00e8re-go\u00fbt d'amande.","og_url":"https:\/\/www.castillodecanena.com\/fr\/producto\/reserve-familiale-arbequina\/","og_site_name":"Castillo de Canena","article_publisher":"https:\/\/www.facebook.com\/Castillo.de.Canena","article_modified_time":"2023-11-27T00:00:10+00:00","og_image":[{"width":400,"height":400,"url":"https:\/\/www.castillodecanena.com\/wp-content\/uploads\/2022\/04\/reserva-familiar-arbequina-500ml.png","type":"image\/png"}],"twitter_card":"summary_large_image","twitter_site":"@CastillodCanena","schema":{"@context":"https:\/\/schema.org","@graph":[{"@type":["WebPage","ItemPage"],"@id":"https:\/\/www.castillodecanena.com\/fr\/producto\/reserve-familiale-arbequina\/","url":"https:\/\/www.castillodecanena.com\/fr\/producto\/reserve-familiale-arbequina\/","name":"R\u00e9serve Familiale Arbequina - Castillo de Canena","isPartOf":{"@id":"https:\/\/www.castillodecanena.com\/fr\/#website"},"primaryImageOfPage":{"@id":"https:\/\/www.castillodecanena.com\/fr\/producto\/reserve-familiale-arbequina\/#primaryimage"},"image":{"@id":"https:\/\/www.castillodecanena.com\/fr\/producto\/reserve-familiale-arbequina\/#primaryimage"},"thumbnailUrl":"https:\/\/www.castillodecanena.com\/wp-content\/uploads\/2023\/10\/rf-arb-500-esp-modif.jpg","datePublished":"2022-04-11T22:00:28+00:00","dateModified":"2023-11-27T00:00:10+00:00","description":"Reserva Familiar Arbequina. Notre huile d'olive arbequine d'olive verte, \u00e9quilibr\u00e9, harmonieux et arri\u00e8re-go\u00fbt d'amande.","breadcrumb":{"@id":"https:\/\/www.castillodecanena.com\/fr\/producto\/reserve-familiale-arbequina\/#breadcrumb"},"inLanguage":"fr-FR","potentialAction":[{"@type":"ReadAction","target":["https:\/\/www.castillodecanena.com\/fr\/producto\/reserve-familiale-arbequina\/"]}]},{"@type":"ImageObject","inLanguage":"fr-FR","@id":"https:\/\/www.castillodecanena.com\/fr\/producto\/reserve-familiale-arbequina\/#primaryimage","url":"https:\/\/www.castillodecanena.com\/wp-content\/uploads\/2023\/10\/rf-arb-500-esp-modif.jpg","contentUrl":"https:\/\/www.castillodecanena.com\/wp-content\/uploads\/2023\/10\/rf-arb-500-esp-modif.jpg","width":1600,"height":1600},{"@type":"BreadcrumbList","@id":"https:\/\/www.castillodecanena.com\/fr\/producto\/reserve-familiale-arbequina\/#breadcrumb","itemListElement":[{"@type":"ListItem","position":1,"name":"Home","item":"https:\/\/www.castillodecanena.com\/fr\/"},{"@type":"ListItem","position":2,"name":"Tienda","item":"https:\/\/www.castillodecanena.com\/fr\/tienda\/"},{"@type":"ListItem","position":3,"name":"R\u00e9serve Familiale Arbequina"}]},{"@type":"WebSite","@id":"https:\/\/www.castillodecanena.com\/fr\/#website","url":"https:\/\/www.castillodecanena.com\/fr\/","name":"Castillo de Canena","description":"Aceites de Oliva virgen extra Premium","publisher":{"@id":"https:\/\/www.castillodecanena.com\/fr\/#organization"},"potentialAction":[{"@type":"SearchAction","target":{"@type":"EntryPoint","urlTemplate":"https:\/\/www.castillodecanena.com\/fr\/?s={search_term_string}"},"query-input":{"@type":"PropertyValueSpecification","valueRequired":true,"valueName":"search_term_string"}}],"inLanguage":"fr-FR"},{"@type":"Organization","@id":"https:\/\/www.castillodecanena.com\/fr\/#organization","name":"Castillo de Canena","url":"https:\/\/www.castillodecanena.com\/fr\/","logo":{"@type":"ImageObject","inLanguage":"fr-FR","@id":"https:\/\/www.castillodecanena.com\/fr\/#\/schema\/logo\/image\/","url":"https:\/\/castillodecanena.com\/wp-content\/uploads\/2021\/08\/logo_castillo-de-canena_small.webp","contentUrl":"https:\/\/castillodecanena.com\/wp-content\/uploads\/2021\/08\/logo_castillo-de-canena_small.webp","width":250,"height":174,"caption":"Castillo de Canena"},"image":{"@id":"https:\/\/www.castillodecanena.com\/fr\/#\/schema\/logo\/image\/"},"sameAs":["https:\/\/www.facebook.com\/Castillo.de.Canena","https:\/\/x.com\/CastillodCanena","https:\/\/www.instagram.com\/castillodecanena\/","https:\/\/www.linkedin.com\/company\/castillo-de-canena-olive-juice","https:\/\/www.pinterest.es\/castillodcanena\/","https:\/\/www.youtube.com\/channel\/UCL64xPwm_9Atq2y1JxmwnxQ","https:\/\/es.wikipedia.org\/wiki\/Castillo_de_Canena_(empresa)"]}]}},"_links":{"self":[{"href":"https:\/\/www.castillodecanena.com\/fr\/wp-json\/wp\/v2\/product\/28410","targetHints":{"allow":["GET"]}}],"collection":[{"href":"https:\/\/www.castillodecanena.com\/fr\/wp-json\/wp\/v2\/product"}],"about":[{"href":"https:\/\/www.castillodecanena.com\/fr\/wp-json\/wp\/v2\/types\/product"}],"wp:featuredmedia":[{"embeddable":true,"href":"https:\/\/www.castillodecanena.com\/fr\/wp-json\/wp\/v2\/media\/49272"}],"wp:attachment":[{"href":"https:\/\/www.castillodecanena.com\/fr\/wp-json\/wp\/v2\/media?parent=28410"}],"wp:term":[{"taxonomy":"product_cat","embeddable":true,"href":"https:\/\/www.castillodecanena.com\/fr\/wp-json\/wp\/v2\/product_cat?post=28410"},{"taxonomy":"product_tag","embeddable":true,"href":"https:\/\/www.castillodecanena.com\/fr\/wp-json\/wp\/v2\/product_tag?post=28410"}],"curies":[{"name":"wp","href":"https:\/\/api.w.org\/{rel}","templated":true}]}}