{"id":28413,"date":"2022-04-11T22:00:28","date_gmt":"2022-04-11T22:00:28","guid":{"rendered":"https:\/\/dev-castillo-de-canena.pantheonsite.io\/producto\/primer-dia-de-cosecha-arbequina\/"},"modified":"2023-11-27T00:00:10","modified_gmt":"2023-11-27T00:00:10","slug":"premier-jour-de-la-recolte-darbequina","status":"publish","type":"product","link":"https:\/\/www.castillodecanena.com\/fr\/producto\/premier-jour-de-la-recolte-darbequina\/","title":{"rendered":"Premier jour de la r\u00e9colte d&rsquo;Arbequina"},"content":{"rendered":"<p>L\u2019huile Primer d\u00eda de Cosecha Arbequina est une <strong>huile vierge extra exclusive <\/strong>issue des olives cueillies pendant les premi\u00e8res 24 heures de r\u00e9colte.<\/p>\n<p>&nbsp;<\/p>\n<p>Id\u00e9ale pour ceux qui aiment les saveurs intenses, cette <strong>huile d\u2019olive vierge extra est une explosion de saveur et de fra\u00eecheur.<\/strong><\/p>\n<p>&nbsp;<\/p>\n<p>&nbsp;<\/p>\n<p>Chez Castillo de Canena nous adorons f\u00eater comme il se doit la magie du premier jour de r\u00e9colte. Comme r\u00e9compense de tous nos efforts pendant l\u2019ann\u00e9e, une personnalit\u00e9 du monde de la culture, du sport ou de l\u2019art, interpr\u00e8te pour nous le d\u00e9but des r\u00e9coltes en cr\u00e9ant une \u00e9tiquette sp\u00e9ciale.<\/p>\n<p>&nbsp;<\/p>\n<h6>DESCRIPTION<\/h6>\n<p>Pr\u00e9sent\u00e9e dans une bouteille couleur cerise tr\u00e8s originale, l\u2019huile Primer D\u00eda de Cosecha Arbequina poss\u00e8de les m\u00eames notes de d\u00e9gustation que notre <a href=\"\/fr\/producto\/reserva-familiar-arbequina\/\">Reserva Familiar Arbequina<\/a> mais avec une intensit\u00e9 accrue.<\/p>\n<p>&nbsp;<\/p>\n<p>Son entr\u00e9e en bouche est tr\u00e8s agr\u00e9able et douce, avec une pr\u00e9dominance de l\u2019herbe fra\u00eeche, la coquille de noix, l\u2019amande verte et la compote de banane verte avec la douceur d\u2019une pomme rouge. C\u2019est une <strong>huile tr\u00e8s harmonieuse et \u00e9l\u00e9gante<\/strong> dans son arri\u00e8re-go\u00fbt, avec une amertume et un piquant tr\u00e8s \u00e9quilibr\u00e9s et non persistants.<\/p>\n<p>&nbsp;<\/p>\n<h6>INFORMATION ADDITIONNELLE<\/h6>\n<p><u>Suggestion de consommation <\/u>: l\u2019huile d\u2019olive vierge extra Primer d\u00eda de Cosecha Arbequina est id\u00e9ale pour cuisiner des poissons et faire des vinaigrettes et des mayonnaises. Pour des pr\u00e9parations de p\u00e2tisserie comme par exemple les biscuits ou la cr\u00e8me p\u00e2tissi\u00e8re, cette huile est un parfait rempla\u00e7ant du beurre.<\/p>\n<p>&nbsp;<\/p>\n<p>Conserver dans un endroit frais, \u00e0 l\u2019abri de la lumi\u00e8re et de la chaleur.<\/p>\n","protected":false},"excerpt":{"rendered":"<p>Premier jour de r\u00e9colte Picual et Arbequina est une \u00e9dition limit\u00e9e de l&rsquo;huile collect\u00e9e le premier jour de r\u00e9colte. Chaque ann\u00e9e, une personnalit\u00e9 des arts, des sciences, de la soci\u00e9t\u00e9&#8230; imprime sur l&rsquo;\u00e9tiquette sa vision singuli\u00e8re de ce jour magique.<\/p>\n","protected":false},"featured_media":52989,"template":"","meta":{"_acf_changed":false,"wprm-recipe-roundup-name":"","wprm-recipe-roundup-description":""},"product_cat":[3057,3064],"product_tag":[],"class_list":{"0":"post-28413","1":"product","2":"type-product","3":"status-publish","4":"has-post-thumbnail","6":"product_cat-huile-dolive-vierge-extra","7":"product_cat-premier-jour-de-recolte","9":"first","10":"instock","11":"purchasable","12":"product-type-simple"},"acf":[],"yoast_head":"<!-- This site is optimized with the Yoast SEO plugin v25.6 - https:\/\/yoast.com\/wordpress\/plugins\/seo\/ -->\n<title>Premier jour de la r\u00e9colte d&#039;Arbequina - Castillo de Canena<\/title>\n<meta name=\"description\" content=\"HOVE exclusif cueillie pendant les premi\u00e8res 24 heures de r\u00e9colte. Parfait pour ceux qui aiment l&#039;huile d&#039;olive intense.\" \/>\n<meta name=\"robots\" content=\"index, follow, max-snippet:-1, max-image-preview:large, max-video-preview:-1\" \/>\n<link rel=\"canonical\" href=\"https:\/\/www.castillodecanena.com\/fr\/producto\/premier-jour-de-la-recolte-darbequina\/\" \/>\n<meta property=\"og:locale\" content=\"fr_FR\" \/>\n<meta property=\"og:type\" content=\"article\" \/>\n<meta property=\"og:title\" content=\"Premier jour de la r\u00e9colte d&#039;Arbequina - Castillo de Canena\" \/>\n<meta property=\"og:description\" content=\"HOVE exclusif cueillie pendant les premi\u00e8res 24 heures de r\u00e9colte. Parfait pour ceux qui aiment l&#039;huile d&#039;olive intense.\" \/>\n<meta property=\"og:url\" content=\"https:\/\/www.castillodecanena.com\/fr\/producto\/premier-jour-de-la-recolte-darbequina\/\" \/>\n<meta property=\"og:site_name\" content=\"Castillo de Canena\" \/>\n<meta property=\"article:publisher\" content=\"https:\/\/www.facebook.com\/Castillo.de.Canena\" \/>\n<meta property=\"article:modified_time\" content=\"2023-11-27T00:00:10+00:00\" \/>\n<meta property=\"og:image\" content=\"https:\/\/www.castillodecanena.com\/wp-content\/uploads\/2022\/04\/PDC_ARBEQUINA_2022_Mesa-de-trabajo-1.jpg\" \/>\n\t<meta property=\"og:image:width\" content=\"2084\" \/>\n\t<meta property=\"og:image:height\" content=\"2084\" \/>\n\t<meta property=\"og:image:type\" content=\"image\/jpeg\" \/>\n<meta name=\"twitter:card\" content=\"summary_large_image\" \/>\n<meta name=\"twitter:site\" content=\"@CastillodCanena\" \/>\n<script type=\"application\/ld+json\" class=\"yoast-schema-graph\">{\"@context\":\"https:\/\/schema.org\",\"@graph\":[{\"@type\":[\"WebPage\",\"ItemPage\"],\"@id\":\"https:\/\/www.castillodecanena.com\/fr\/producto\/premier-jour-de-la-recolte-darbequina\/\",\"url\":\"https:\/\/www.castillodecanena.com\/fr\/producto\/premier-jour-de-la-recolte-darbequina\/\",\"name\":\"Premier jour de la r\u00e9colte d'Arbequina - Castillo de Canena\",\"isPartOf\":{\"@id\":\"https:\/\/www.castillodecanena.com\/fr\/#website\"},\"primaryImageOfPage\":{\"@id\":\"https:\/\/www.castillodecanena.com\/fr\/producto\/premier-jour-de-la-recolte-darbequina\/#primaryimage\"},\"image\":{\"@id\":\"https:\/\/www.castillodecanena.com\/fr\/producto\/premier-jour-de-la-recolte-darbequina\/#primaryimage\"},\"thumbnailUrl\":\"https:\/\/www.castillodecanena.com\/wp-content\/uploads\/2022\/04\/PD_Arb_500ml_MONEO_ESP-1-1-2.jpg\",\"datePublished\":\"2022-04-11T22:00:28+00:00\",\"dateModified\":\"2023-11-27T00:00:10+00:00\",\"description\":\"HOVE exclusif cueillie pendant les premi\u00e8res 24 heures de r\u00e9colte. Parfait pour ceux qui aiment l'huile d'olive intense.\",\"breadcrumb\":{\"@id\":\"https:\/\/www.castillodecanena.com\/fr\/producto\/premier-jour-de-la-recolte-darbequina\/#breadcrumb\"},\"inLanguage\":\"fr-FR\",\"potentialAction\":[{\"@type\":\"ReadAction\",\"target\":[\"https:\/\/www.castillodecanena.com\/fr\/producto\/premier-jour-de-la-recolte-darbequina\/\"]}]},{\"@type\":\"ImageObject\",\"inLanguage\":\"fr-FR\",\"@id\":\"https:\/\/www.castillodecanena.com\/fr\/producto\/premier-jour-de-la-recolte-darbequina\/#primaryimage\",\"url\":\"https:\/\/www.castillodecanena.com\/wp-content\/uploads\/2022\/04\/PD_Arb_500ml_MONEO_ESP-1-1-2.jpg\",\"contentUrl\":\"https:\/\/www.castillodecanena.com\/wp-content\/uploads\/2022\/04\/PD_Arb_500ml_MONEO_ESP-1-1-2.jpg\",\"width\":2384,\"height\":2544},{\"@type\":\"BreadcrumbList\",\"@id\":\"https:\/\/www.castillodecanena.com\/fr\/producto\/premier-jour-de-la-recolte-darbequina\/#breadcrumb\",\"itemListElement\":[{\"@type\":\"ListItem\",\"position\":1,\"name\":\"Home\",\"item\":\"https:\/\/www.castillodecanena.com\/fr\/\"},{\"@type\":\"ListItem\",\"position\":2,\"name\":\"Tienda\",\"item\":\"https:\/\/www.castillodecanena.com\/fr\/tienda\/\"},{\"@type\":\"ListItem\",\"position\":3,\"name\":\"Premier jour de la r\u00e9colte d&#8217;Arbequina\"}]},{\"@type\":\"WebSite\",\"@id\":\"https:\/\/www.castillodecanena.com\/fr\/#website\",\"url\":\"https:\/\/www.castillodecanena.com\/fr\/\",\"name\":\"Castillo de Canena\",\"description\":\"Aceites de Oliva virgen extra Premium\",\"publisher\":{\"@id\":\"https:\/\/www.castillodecanena.com\/fr\/#organization\"},\"potentialAction\":[{\"@type\":\"SearchAction\",\"target\":{\"@type\":\"EntryPoint\",\"urlTemplate\":\"https:\/\/www.castillodecanena.com\/fr\/?s={search_term_string}\"},\"query-input\":{\"@type\":\"PropertyValueSpecification\",\"valueRequired\":true,\"valueName\":\"search_term_string\"}}],\"inLanguage\":\"fr-FR\"},{\"@type\":\"Organization\",\"@id\":\"https:\/\/www.castillodecanena.com\/fr\/#organization\",\"name\":\"Castillo de Canena\",\"url\":\"https:\/\/www.castillodecanena.com\/fr\/\",\"logo\":{\"@type\":\"ImageObject\",\"inLanguage\":\"fr-FR\",\"@id\":\"https:\/\/www.castillodecanena.com\/fr\/#\/schema\/logo\/image\/\",\"url\":\"https:\/\/castillodecanena.com\/wp-content\/uploads\/2021\/08\/logo_castillo-de-canena_small.webp\",\"contentUrl\":\"https:\/\/castillodecanena.com\/wp-content\/uploads\/2021\/08\/logo_castillo-de-canena_small.webp\",\"width\":250,\"height\":174,\"caption\":\"Castillo de Canena\"},\"image\":{\"@id\":\"https:\/\/www.castillodecanena.com\/fr\/#\/schema\/logo\/image\/\"},\"sameAs\":[\"https:\/\/www.facebook.com\/Castillo.de.Canena\",\"https:\/\/x.com\/CastillodCanena\",\"https:\/\/www.instagram.com\/castillodecanena\/\",\"https:\/\/www.linkedin.com\/company\/castillo-de-canena-olive-juice\",\"https:\/\/www.pinterest.es\/castillodcanena\/\",\"https:\/\/www.youtube.com\/channel\/UCL64xPwm_9Atq2y1JxmwnxQ\",\"https:\/\/es.wikipedia.org\/wiki\/Castillo_de_Canena_(empresa)\"]}]}<\/script>\n<!-- \/ Yoast SEO plugin. -->","yoast_head_json":{"title":"Premier jour de la r\u00e9colte d'Arbequina - Castillo de Canena","description":"HOVE exclusif cueillie pendant les premi\u00e8res 24 heures de r\u00e9colte. Parfait pour ceux qui aiment l'huile d'olive intense.","robots":{"index":"index","follow":"follow","max-snippet":"max-snippet:-1","max-image-preview":"max-image-preview:large","max-video-preview":"max-video-preview:-1"},"canonical":"https:\/\/www.castillodecanena.com\/fr\/producto\/premier-jour-de-la-recolte-darbequina\/","og_locale":"fr_FR","og_type":"article","og_title":"Premier jour de la r\u00e9colte d'Arbequina - Castillo de Canena","og_description":"HOVE exclusif cueillie pendant les premi\u00e8res 24 heures de r\u00e9colte. Parfait pour ceux qui aiment l'huile d'olive intense.","og_url":"https:\/\/www.castillodecanena.com\/fr\/producto\/premier-jour-de-la-recolte-darbequina\/","og_site_name":"Castillo de Canena","article_publisher":"https:\/\/www.facebook.com\/Castillo.de.Canena","article_modified_time":"2023-11-27T00:00:10+00:00","og_image":[{"width":2084,"height":2084,"url":"https:\/\/www.castillodecanena.com\/wp-content\/uploads\/2022\/04\/PDC_ARBEQUINA_2022_Mesa-de-trabajo-1.jpg","type":"image\/jpeg"}],"twitter_card":"summary_large_image","twitter_site":"@CastillodCanena","schema":{"@context":"https:\/\/schema.org","@graph":[{"@type":["WebPage","ItemPage"],"@id":"https:\/\/www.castillodecanena.com\/fr\/producto\/premier-jour-de-la-recolte-darbequina\/","url":"https:\/\/www.castillodecanena.com\/fr\/producto\/premier-jour-de-la-recolte-darbequina\/","name":"Premier jour de la r\u00e9colte d'Arbequina - Castillo de Canena","isPartOf":{"@id":"https:\/\/www.castillodecanena.com\/fr\/#website"},"primaryImageOfPage":{"@id":"https:\/\/www.castillodecanena.com\/fr\/producto\/premier-jour-de-la-recolte-darbequina\/#primaryimage"},"image":{"@id":"https:\/\/www.castillodecanena.com\/fr\/producto\/premier-jour-de-la-recolte-darbequina\/#primaryimage"},"thumbnailUrl":"https:\/\/www.castillodecanena.com\/wp-content\/uploads\/2022\/04\/PD_Arb_500ml_MONEO_ESP-1-1-2.jpg","datePublished":"2022-04-11T22:00:28+00:00","dateModified":"2023-11-27T00:00:10+00:00","description":"HOVE exclusif cueillie pendant les premi\u00e8res 24 heures de r\u00e9colte. Parfait pour ceux qui aiment l'huile d'olive intense.","breadcrumb":{"@id":"https:\/\/www.castillodecanena.com\/fr\/producto\/premier-jour-de-la-recolte-darbequina\/#breadcrumb"},"inLanguage":"fr-FR","potentialAction":[{"@type":"ReadAction","target":["https:\/\/www.castillodecanena.com\/fr\/producto\/premier-jour-de-la-recolte-darbequina\/"]}]},{"@type":"ImageObject","inLanguage":"fr-FR","@id":"https:\/\/www.castillodecanena.com\/fr\/producto\/premier-jour-de-la-recolte-darbequina\/#primaryimage","url":"https:\/\/www.castillodecanena.com\/wp-content\/uploads\/2022\/04\/PD_Arb_500ml_MONEO_ESP-1-1-2.jpg","contentUrl":"https:\/\/www.castillodecanena.com\/wp-content\/uploads\/2022\/04\/PD_Arb_500ml_MONEO_ESP-1-1-2.jpg","width":2384,"height":2544},{"@type":"BreadcrumbList","@id":"https:\/\/www.castillodecanena.com\/fr\/producto\/premier-jour-de-la-recolte-darbequina\/#breadcrumb","itemListElement":[{"@type":"ListItem","position":1,"name":"Home","item":"https:\/\/www.castillodecanena.com\/fr\/"},{"@type":"ListItem","position":2,"name":"Tienda","item":"https:\/\/www.castillodecanena.com\/fr\/tienda\/"},{"@type":"ListItem","position":3,"name":"Premier jour de la r\u00e9colte d&#8217;Arbequina"}]},{"@type":"WebSite","@id":"https:\/\/www.castillodecanena.com\/fr\/#website","url":"https:\/\/www.castillodecanena.com\/fr\/","name":"Castillo de Canena","description":"Aceites de Oliva virgen extra Premium","publisher":{"@id":"https:\/\/www.castillodecanena.com\/fr\/#organization"},"potentialAction":[{"@type":"SearchAction","target":{"@type":"EntryPoint","urlTemplate":"https:\/\/www.castillodecanena.com\/fr\/?s={search_term_string}"},"query-input":{"@type":"PropertyValueSpecification","valueRequired":true,"valueName":"search_term_string"}}],"inLanguage":"fr-FR"},{"@type":"Organization","@id":"https:\/\/www.castillodecanena.com\/fr\/#organization","name":"Castillo de Canena","url":"https:\/\/www.castillodecanena.com\/fr\/","logo":{"@type":"ImageObject","inLanguage":"fr-FR","@id":"https:\/\/www.castillodecanena.com\/fr\/#\/schema\/logo\/image\/","url":"https:\/\/castillodecanena.com\/wp-content\/uploads\/2021\/08\/logo_castillo-de-canena_small.webp","contentUrl":"https:\/\/castillodecanena.com\/wp-content\/uploads\/2021\/08\/logo_castillo-de-canena_small.webp","width":250,"height":174,"caption":"Castillo de Canena"},"image":{"@id":"https:\/\/www.castillodecanena.com\/fr\/#\/schema\/logo\/image\/"},"sameAs":["https:\/\/www.facebook.com\/Castillo.de.Canena","https:\/\/x.com\/CastillodCanena","https:\/\/www.instagram.com\/castillodecanena\/","https:\/\/www.linkedin.com\/company\/castillo-de-canena-olive-juice","https:\/\/www.pinterest.es\/castillodcanena\/","https:\/\/www.youtube.com\/channel\/UCL64xPwm_9Atq2y1JxmwnxQ","https:\/\/es.wikipedia.org\/wiki\/Castillo_de_Canena_(empresa)"]}]}},"_links":{"self":[{"href":"https:\/\/www.castillodecanena.com\/fr\/wp-json\/wp\/v2\/product\/28413","targetHints":{"allow":["GET"]}}],"collection":[{"href":"https:\/\/www.castillodecanena.com\/fr\/wp-json\/wp\/v2\/product"}],"about":[{"href":"https:\/\/www.castillodecanena.com\/fr\/wp-json\/wp\/v2\/types\/product"}],"wp:featuredmedia":[{"embeddable":true,"href":"https:\/\/www.castillodecanena.com\/fr\/wp-json\/wp\/v2\/media\/52989"}],"wp:attachment":[{"href":"https:\/\/www.castillodecanena.com\/fr\/wp-json\/wp\/v2\/media?parent=28413"}],"wp:term":[{"taxonomy":"product_cat","embeddable":true,"href":"https:\/\/www.castillodecanena.com\/fr\/wp-json\/wp\/v2\/product_cat?post=28413"},{"taxonomy":"product_tag","embeddable":true,"href":"https:\/\/www.castillodecanena.com\/fr\/wp-json\/wp\/v2\/product_tag?post=28413"}],"curies":[{"name":"wp","href":"https:\/\/api.w.org\/{rel}","templated":true}]}}