{"id":28418,"date":"2022-04-11T22:00:28","date_gmt":"2022-04-11T22:00:28","guid":{"rendered":"https:\/\/dev-castillo-de-canena.pantheonsite.io\/producto\/biodinamico-arbequina\/"},"modified":"2023-11-27T00:00:12","modified_gmt":"2023-11-27T00:00:12","slug":"arbequine-biodynamique","status":"publish","type":"product","link":"https:\/\/www.castillodecanena.com\/fr\/producto\/arbequine-biodynamique\/","title":{"rendered":"Arbequine biodynamique"},"content":{"rendered":"<p>Cette HOVE \u00e9cologique a \u00e9t\u00e9 \u00e9labor\u00e9e selon les normes les plus strictes de l\u2019<strong>agriculture biodynamique<\/strong>. Il s\u2019agit d\u2019une d\u00e9marche qui vise l\u2019harmonie et l\u2019\u00e9quilibre entre les diverses forces de la nature pour \u00e9tablir les meilleurs moments pour l\u2019\u00e9lagage, l\u2019irrigation, la semence ou la r\u00e9colte. Une consonnance parfaite entre la terre, les arbres, les animaux et l\u2019homme dans un cycle durable et int\u00e9gr\u00e9, aliment\u00e9 r\u00e9troactivement de fa\u00e7on naturelle.<\/p>\n<p>&nbsp;<\/p>\n<p>L\u2019huile Biodin\u00e1mico Arbequina a \u00e9t\u00e9 ainsi sp\u00e9cialement cr\u00e9\u00e9 pour ceux qui cherchent un <strong>style de vie salutaire<\/strong>, puisqu\u2019elle est beaucoup plus <strong>nutritive et contient plus d\u2019antioxydants<\/strong>, d\u2019autant plus que sa culture est durable et \u00e9cologique. Fra\u00eeche et expressive, elle se distingue par ses notes herbac\u00e9es.<\/p>\n<p>&nbsp;<\/p>\n<h6>DESCRIPTION<\/h6>\n<p>Une conception soign\u00e9e, avec une couleur et une texture qui font voyager le consommateur vers nos origines, jusqu\u2019au terroir o\u00f9 nous prenons soin de nos arbres.<\/p>\n<p>&nbsp;<\/p>\n<p>Notes de d\u00e9gustation : pomme verte, amande verte, herbe fraichement coup\u00e9e et coquille de noix. Il s\u2019agit d\u2019une Huile Vierge Extra Arbequine fra\u00eeche, vivante et expressive, avec des notes herbac\u00e9es et une entr\u00e9e en bouche douce rapidement suivie d\u2019une amertume peu intense et d\u2019un piquant progressif qui dispara\u00eet au bout de la langue. Un arri\u00e8re-go\u00fbt de fruits secs appara\u00eet pour finir.<\/p>\n<p>&nbsp;<\/p>\n<h6>INFORMATION ADDITIONNELLE<\/h6>\n<p>Nous sommes certifi\u00e9s Demeter, un label international qui garantit le respect de toutes les d\u00e9marches li\u00e9es \u00e0 ce type d\u2019agriculture biodynamique.<\/p>\n<p>&nbsp;<\/p>\n<p><u>Suggestion de consommation<\/u> : sp\u00e9cialement conseill\u00e9e pour relever les salades, les l\u00e9gumes \u00e0 la plancha, les cr\u00e8mes de l\u00e9gumes, le fromage frais, les poissons blancs et la volaille.<\/p>\n<p>&nbsp;<\/p>\n<p>Conserver dans un endroit frais, \u00e0 l\u2019abri de la lumi\u00e8re et de la chaleur.<\/p>\n","protected":false},"excerpt":{"rendered":"<p>L&rsquo;agriculture biodynamique est un pas en avant par rapport \u00e0 la m\u00e9thode d&rsquo;agriculture ECOLOGIQUE. Elle repose sur l&rsquo;harmonisation entre les diff\u00e9rentes forces qui r\u00e9gissent la Nature : saisons, ph\u00e9nom\u00e8nes atmosph\u00e9riques, cycles lunaires, position des constellations dans le cosmos. L&rsquo;agriculture biodynamique recherche l&rsquo;\u00e9quilibre int\u00e9gral entre le sol, les arbres, les animaux et l&rsquo;Homme.<\/p>\n","protected":false},"featured_media":50579,"template":"","meta":{"_acf_changed":false,"wprm-recipe-roundup-name":"","wprm-recipe-roundup-description":""},"product_cat":[3059,3057],"product_tag":[],"class_list":{"0":"post-28418","1":"product","2":"type-product","3":"status-publish","4":"has-post-thumbnail","6":"product_cat-biodynamique","7":"product_cat-huile-dolive-vierge-extra","9":"first","10":"instock","11":"purchasable","12":"product-type-simple"},"acf":[],"yoast_head":"<!-- This site is optimized with the Yoast SEO plugin v25.6 - https:\/\/yoast.com\/wordpress\/plugins\/seo\/ -->\n<title>Arbequine biodynamique - Castillo de Canena<\/title>\n<meta name=\"description\" content=\"L&#039;HOVE\u00e9cologique d&#039;arbequine biodynamique est parfait pour ceux qui prennent soin de leur sant\u00e9. Frais et expressif, tr\u00e8s riche en anti-oxydants.\" \/>\n<meta name=\"robots\" content=\"index, follow, max-snippet:-1, max-image-preview:large, max-video-preview:-1\" \/>\n<link rel=\"canonical\" href=\"https:\/\/www.castillodecanena.com\/fr\/producto\/arbequine-biodynamique\/\" \/>\n<meta property=\"og:locale\" content=\"fr_FR\" \/>\n<meta property=\"og:type\" content=\"article\" \/>\n<meta property=\"og:title\" content=\"Arbequine biodynamique - Castillo de Canena\" \/>\n<meta property=\"og:description\" content=\"L&#039;HOVE\u00e9cologique d&#039;arbequine biodynamique est parfait pour ceux qui prennent soin de leur sant\u00e9. Frais et expressif, tr\u00e8s riche en anti-oxydants.\" \/>\n<meta property=\"og:url\" content=\"https:\/\/www.castillodecanena.com\/fr\/producto\/arbequine-biodynamique\/\" \/>\n<meta property=\"og:site_name\" content=\"Castillo de Canena\" \/>\n<meta property=\"article:publisher\" content=\"https:\/\/www.facebook.com\/Castillo.de.Canena\" \/>\n<meta property=\"article:modified_time\" content=\"2023-11-27T00:00:12+00:00\" \/>\n<meta property=\"og:image\" content=\"https:\/\/www.castillodecanena.com\/wp-content\/uploads\/2022\/04\/biodinamico-arbequina.jpg\" \/>\n\t<meta property=\"og:image:width\" content=\"500\" \/>\n\t<meta property=\"og:image:height\" content=\"500\" \/>\n\t<meta property=\"og:image:type\" content=\"image\/jpeg\" \/>\n<meta name=\"twitter:card\" content=\"summary_large_image\" \/>\n<meta name=\"twitter:site\" content=\"@CastillodCanena\" \/>\n<script type=\"application\/ld+json\" class=\"yoast-schema-graph\">{\"@context\":\"https:\/\/schema.org\",\"@graph\":[{\"@type\":[\"WebPage\",\"ItemPage\"],\"@id\":\"https:\/\/www.castillodecanena.com\/fr\/producto\/arbequine-biodynamique\/\",\"url\":\"https:\/\/www.castillodecanena.com\/fr\/producto\/arbequine-biodynamique\/\",\"name\":\"Arbequine biodynamique - Castillo de Canena\",\"isPartOf\":{\"@id\":\"https:\/\/www.castillodecanena.com\/fr\/#website\"},\"primaryImageOfPage\":{\"@id\":\"https:\/\/www.castillodecanena.com\/fr\/producto\/arbequine-biodynamique\/#primaryimage\"},\"image\":{\"@id\":\"https:\/\/www.castillodecanena.com\/fr\/producto\/arbequine-biodynamique\/#primaryimage\"},\"thumbnailUrl\":\"https:\/\/www.castillodecanena.com\/wp-content\/uploads\/2022\/04\/BIO.web_Mesa-de-trabajo-1-copia-esp-1.jpg\",\"datePublished\":\"2022-04-11T22:00:28+00:00\",\"dateModified\":\"2023-11-27T00:00:12+00:00\",\"description\":\"L'HOVE\u00e9cologique d'arbequine biodynamique est parfait pour ceux qui prennent soin de leur sant\u00e9. Frais et expressif, tr\u00e8s riche en anti-oxydants.\",\"breadcrumb\":{\"@id\":\"https:\/\/www.castillodecanena.com\/fr\/producto\/arbequine-biodynamique\/#breadcrumb\"},\"inLanguage\":\"fr-FR\",\"potentialAction\":[{\"@type\":\"ReadAction\",\"target\":[\"https:\/\/www.castillodecanena.com\/fr\/producto\/arbequine-biodynamique\/\"]}]},{\"@type\":\"ImageObject\",\"inLanguage\":\"fr-FR\",\"@id\":\"https:\/\/www.castillodecanena.com\/fr\/producto\/arbequine-biodynamique\/#primaryimage\",\"url\":\"https:\/\/www.castillodecanena.com\/wp-content\/uploads\/2022\/04\/BIO.web_Mesa-de-trabajo-1-copia-esp-1.jpg\",\"contentUrl\":\"https:\/\/www.castillodecanena.com\/wp-content\/uploads\/2022\/04\/BIO.web_Mesa-de-trabajo-1-copia-esp-1.jpg\",\"width\":1600,\"height\":1600},{\"@type\":\"BreadcrumbList\",\"@id\":\"https:\/\/www.castillodecanena.com\/fr\/producto\/arbequine-biodynamique\/#breadcrumb\",\"itemListElement\":[{\"@type\":\"ListItem\",\"position\":1,\"name\":\"Home\",\"item\":\"https:\/\/www.castillodecanena.com\/fr\/\"},{\"@type\":\"ListItem\",\"position\":2,\"name\":\"Tienda\",\"item\":\"https:\/\/www.castillodecanena.com\/fr\/tienda\/\"},{\"@type\":\"ListItem\",\"position\":3,\"name\":\"Arbequine biodynamique\"}]},{\"@type\":\"WebSite\",\"@id\":\"https:\/\/www.castillodecanena.com\/fr\/#website\",\"url\":\"https:\/\/www.castillodecanena.com\/fr\/\",\"name\":\"Castillo de Canena\",\"description\":\"Aceites de Oliva virgen extra Premium\",\"publisher\":{\"@id\":\"https:\/\/www.castillodecanena.com\/fr\/#organization\"},\"potentialAction\":[{\"@type\":\"SearchAction\",\"target\":{\"@type\":\"EntryPoint\",\"urlTemplate\":\"https:\/\/www.castillodecanena.com\/fr\/?s={search_term_string}\"},\"query-input\":{\"@type\":\"PropertyValueSpecification\",\"valueRequired\":true,\"valueName\":\"search_term_string\"}}],\"inLanguage\":\"fr-FR\"},{\"@type\":\"Organization\",\"@id\":\"https:\/\/www.castillodecanena.com\/fr\/#organization\",\"name\":\"Castillo de Canena\",\"url\":\"https:\/\/www.castillodecanena.com\/fr\/\",\"logo\":{\"@type\":\"ImageObject\",\"inLanguage\":\"fr-FR\",\"@id\":\"https:\/\/www.castillodecanena.com\/fr\/#\/schema\/logo\/image\/\",\"url\":\"https:\/\/castillodecanena.com\/wp-content\/uploads\/2021\/08\/logo_castillo-de-canena_small.webp\",\"contentUrl\":\"https:\/\/castillodecanena.com\/wp-content\/uploads\/2021\/08\/logo_castillo-de-canena_small.webp\",\"width\":250,\"height\":174,\"caption\":\"Castillo de Canena\"},\"image\":{\"@id\":\"https:\/\/www.castillodecanena.com\/fr\/#\/schema\/logo\/image\/\"},\"sameAs\":[\"https:\/\/www.facebook.com\/Castillo.de.Canena\",\"https:\/\/x.com\/CastillodCanena\",\"https:\/\/www.instagram.com\/castillodecanena\/\",\"https:\/\/www.linkedin.com\/company\/castillo-de-canena-olive-juice\",\"https:\/\/www.pinterest.es\/castillodcanena\/\",\"https:\/\/www.youtube.com\/channel\/UCL64xPwm_9Atq2y1JxmwnxQ\",\"https:\/\/es.wikipedia.org\/wiki\/Castillo_de_Canena_(empresa)\"]}]}<\/script>\n<!-- \/ Yoast SEO plugin. -->","yoast_head_json":{"title":"Arbequine biodynamique - Castillo de Canena","description":"L'HOVE\u00e9cologique d'arbequine biodynamique est parfait pour ceux qui prennent soin de leur sant\u00e9. Frais et expressif, tr\u00e8s riche en anti-oxydants.","robots":{"index":"index","follow":"follow","max-snippet":"max-snippet:-1","max-image-preview":"max-image-preview:large","max-video-preview":"max-video-preview:-1"},"canonical":"https:\/\/www.castillodecanena.com\/fr\/producto\/arbequine-biodynamique\/","og_locale":"fr_FR","og_type":"article","og_title":"Arbequine biodynamique - Castillo de Canena","og_description":"L'HOVE\u00e9cologique d'arbequine biodynamique est parfait pour ceux qui prennent soin de leur sant\u00e9. Frais et expressif, tr\u00e8s riche en anti-oxydants.","og_url":"https:\/\/www.castillodecanena.com\/fr\/producto\/arbequine-biodynamique\/","og_site_name":"Castillo de Canena","article_publisher":"https:\/\/www.facebook.com\/Castillo.de.Canena","article_modified_time":"2023-11-27T00:00:12+00:00","og_image":[{"width":500,"height":500,"url":"https:\/\/www.castillodecanena.com\/wp-content\/uploads\/2022\/04\/biodinamico-arbequina.jpg","type":"image\/jpeg"}],"twitter_card":"summary_large_image","twitter_site":"@CastillodCanena","schema":{"@context":"https:\/\/schema.org","@graph":[{"@type":["WebPage","ItemPage"],"@id":"https:\/\/www.castillodecanena.com\/fr\/producto\/arbequine-biodynamique\/","url":"https:\/\/www.castillodecanena.com\/fr\/producto\/arbequine-biodynamique\/","name":"Arbequine biodynamique - Castillo de Canena","isPartOf":{"@id":"https:\/\/www.castillodecanena.com\/fr\/#website"},"primaryImageOfPage":{"@id":"https:\/\/www.castillodecanena.com\/fr\/producto\/arbequine-biodynamique\/#primaryimage"},"image":{"@id":"https:\/\/www.castillodecanena.com\/fr\/producto\/arbequine-biodynamique\/#primaryimage"},"thumbnailUrl":"https:\/\/www.castillodecanena.com\/wp-content\/uploads\/2022\/04\/BIO.web_Mesa-de-trabajo-1-copia-esp-1.jpg","datePublished":"2022-04-11T22:00:28+00:00","dateModified":"2023-11-27T00:00:12+00:00","description":"L'HOVE\u00e9cologique d'arbequine biodynamique est parfait pour ceux qui prennent soin de leur sant\u00e9. Frais et expressif, tr\u00e8s riche en anti-oxydants.","breadcrumb":{"@id":"https:\/\/www.castillodecanena.com\/fr\/producto\/arbequine-biodynamique\/#breadcrumb"},"inLanguage":"fr-FR","potentialAction":[{"@type":"ReadAction","target":["https:\/\/www.castillodecanena.com\/fr\/producto\/arbequine-biodynamique\/"]}]},{"@type":"ImageObject","inLanguage":"fr-FR","@id":"https:\/\/www.castillodecanena.com\/fr\/producto\/arbequine-biodynamique\/#primaryimage","url":"https:\/\/www.castillodecanena.com\/wp-content\/uploads\/2022\/04\/BIO.web_Mesa-de-trabajo-1-copia-esp-1.jpg","contentUrl":"https:\/\/www.castillodecanena.com\/wp-content\/uploads\/2022\/04\/BIO.web_Mesa-de-trabajo-1-copia-esp-1.jpg","width":1600,"height":1600},{"@type":"BreadcrumbList","@id":"https:\/\/www.castillodecanena.com\/fr\/producto\/arbequine-biodynamique\/#breadcrumb","itemListElement":[{"@type":"ListItem","position":1,"name":"Home","item":"https:\/\/www.castillodecanena.com\/fr\/"},{"@type":"ListItem","position":2,"name":"Tienda","item":"https:\/\/www.castillodecanena.com\/fr\/tienda\/"},{"@type":"ListItem","position":3,"name":"Arbequine biodynamique"}]},{"@type":"WebSite","@id":"https:\/\/www.castillodecanena.com\/fr\/#website","url":"https:\/\/www.castillodecanena.com\/fr\/","name":"Castillo de Canena","description":"Aceites de Oliva virgen extra Premium","publisher":{"@id":"https:\/\/www.castillodecanena.com\/fr\/#organization"},"potentialAction":[{"@type":"SearchAction","target":{"@type":"EntryPoint","urlTemplate":"https:\/\/www.castillodecanena.com\/fr\/?s={search_term_string}"},"query-input":{"@type":"PropertyValueSpecification","valueRequired":true,"valueName":"search_term_string"}}],"inLanguage":"fr-FR"},{"@type":"Organization","@id":"https:\/\/www.castillodecanena.com\/fr\/#organization","name":"Castillo de Canena","url":"https:\/\/www.castillodecanena.com\/fr\/","logo":{"@type":"ImageObject","inLanguage":"fr-FR","@id":"https:\/\/www.castillodecanena.com\/fr\/#\/schema\/logo\/image\/","url":"https:\/\/castillodecanena.com\/wp-content\/uploads\/2021\/08\/logo_castillo-de-canena_small.webp","contentUrl":"https:\/\/castillodecanena.com\/wp-content\/uploads\/2021\/08\/logo_castillo-de-canena_small.webp","width":250,"height":174,"caption":"Castillo de Canena"},"image":{"@id":"https:\/\/www.castillodecanena.com\/fr\/#\/schema\/logo\/image\/"},"sameAs":["https:\/\/www.facebook.com\/Castillo.de.Canena","https:\/\/x.com\/CastillodCanena","https:\/\/www.instagram.com\/castillodecanena\/","https:\/\/www.linkedin.com\/company\/castillo-de-canena-olive-juice","https:\/\/www.pinterest.es\/castillodcanena\/","https:\/\/www.youtube.com\/channel\/UCL64xPwm_9Atq2y1JxmwnxQ","https:\/\/es.wikipedia.org\/wiki\/Castillo_de_Canena_(empresa)"]}]}},"_links":{"self":[{"href":"https:\/\/www.castillodecanena.com\/fr\/wp-json\/wp\/v2\/product\/28418","targetHints":{"allow":["GET"]}}],"collection":[{"href":"https:\/\/www.castillodecanena.com\/fr\/wp-json\/wp\/v2\/product"}],"about":[{"href":"https:\/\/www.castillodecanena.com\/fr\/wp-json\/wp\/v2\/types\/product"}],"wp:featuredmedia":[{"embeddable":true,"href":"https:\/\/www.castillodecanena.com\/fr\/wp-json\/wp\/v2\/media\/50579"}],"wp:attachment":[{"href":"https:\/\/www.castillodecanena.com\/fr\/wp-json\/wp\/v2\/media?parent=28418"}],"wp:term":[{"taxonomy":"product_cat","embeddable":true,"href":"https:\/\/www.castillodecanena.com\/fr\/wp-json\/wp\/v2\/product_cat?post=28418"},{"taxonomy":"product_tag","embeddable":true,"href":"https:\/\/www.castillodecanena.com\/fr\/wp-json\/wp\/v2\/product_tag?post=28418"}],"curies":[{"name":"wp","href":"https:\/\/api.w.org\/{rel}","templated":true}]}}