{"id":28478,"date":"2022-04-11T22:00:37","date_gmt":"2022-04-11T22:00:37","guid":{"rendered":"https:\/\/dev-castillo-de-canena.pantheonsite.io\/producto\/la-cata-horizontal\/"},"modified":"2023-11-27T00:00:14","modified_gmt":"2023-11-27T00:00:14","slug":"la-degustation-horizontale","status":"publish","type":"product","link":"https:\/\/www.castillodecanena.com\/fr\/producto\/la-degustation-horizontale\/","title":{"rendered":"La D\u00e9gustation Horizontale"},"content":{"rendered":"<p>La Cata Horizontal est consacr\u00e9e \u00e0 tous ceux qui appr\u00e9cient les exp\u00e9riences gastronomiques exceptionnelles. Il s\u2019agit d\u2019un voyage sensoriel et unique pour d\u00e9guster et observer l\u2019<strong>\u00e9volution de l\u2019Huile d\u2019Olive Vierge Extra, d\u2019une m\u00eame vari\u00e9t\u00e9, l\u2019Arbequina<\/strong>, r\u00e9colt\u00e9e au cours de trois mois cons\u00e9cutifs &#8211; octobre, novembre et d\u00e9cembre &#8211; dans le domaine familial. Vous pourrez tester ainsi les diff\u00e9rences organoleptiques entre les diff\u00e9rents mois de r\u00e9colte.<\/p>\n<p>&nbsp;<\/p>\n<p>Contrairement au vin, l\u2019huile ne nous permet pas de jouer avec les cuv\u00e9es puisqu\u2019elle ne se bonifie pas avec le temps. Cependant, l\u2019huile \u00e9volue au fil des mois tant en couleur comme au go\u00fbter, passant d\u2019une huile vert fonc\u00e9 intense \u00e0 un autre plus dor\u00e9e, m\u00fbr et presque sucr\u00e9e. Pour cela, au lieu de proposer une d\u00e9gustation verticale par cuv\u00e9es, comme on pourrait le faire dans le cas du vin, dans cette exp\u00e9rience nous proposons une d\u00e9gustation horizontale par mois.<\/p>\n<p>&nbsp;<\/p>\n<p>Afin de pouvoir appr\u00e9cier les diff\u00e9rences chromatiques, nous avons utilis\u00e9 aussi pour la premi\u00e8re fois des bouteilles s\u00e9rigraphi\u00e9es transparentes couvertes d\u2019un vernis incolore, de derni\u00e8re technologie, qui prot\u00e8ge l\u2019huile du rayonnement UV.<\/p>\n<p>&nbsp;<\/p>\n<p>La Cata Horizontal fait partie des Huiles du XXI<sup>\u00e8me<\/sup> Si\u00e8cle, une collection poursuivant l\u2019excellence et l\u2019innovation et commenc\u00e9e par Castillo de Canena avec ses Reservas Familiares.<\/p>\n<p>&nbsp;<\/p>\n<h6>DESCRIPTION<\/h6>\n<p>Les trois HOVE ont des couleurs, des ar\u00f4mes et des saveurs diff\u00e9rentes.<\/p>\n<p>&nbsp;<\/p>\n<p>Le jus d\u2019olive obtenu en <strong>octobre <\/strong>affiche une couleur verte et un ar\u00f4me frais. Au go\u00fbter on peut appr\u00e9cier des notes de pomme verte et d\u2019amande verte, elle est piquante et un peu am\u00e8re.<\/p>\n<p>&nbsp;<\/p>\n<p>De son c\u00f4t\u00e9, l\u2019huile vierge extra de <strong>novembre<\/strong> a une couleur vert-dor\u00e9, un ar\u00f4me d\u2019amande et fruit\u00e9. Au go\u00fbter, on retrouve la pomme verte, l\u2019amande, les fruits secs et les fruits, elle est l\u00e9g\u00e8rement piquante et am\u00e8re.<\/p>\n<p>&nbsp;<\/p>\n<p>Finalement, l\u2019huile du mois de <strong>d\u00e9cembre<\/strong> est dor\u00e9e, signe de sa maturit\u00e9, avec un ar\u00f4me doux et d\u2019amande. Au go\u00fbter, des fruits m\u00fbrs et l\u2019amande.<\/p>\n<p>&nbsp;<\/p>\n<h6>INFORMATION ADDITIONNELLE<\/h6>\n<p><u>Suggestion de consommation<\/u> : profitez des huiles de Cata Horizontal et cuisinez les premiers plats avec l\u2019HOVE d\u2019octobre. Les plats de r\u00e9sistance seront plus r\u00e9ussis avec l\u2019huile r\u00e9colt\u00e9e en novembre et vos desserts peuvent \u00eatre assaisonn\u00e9s avec l\u2019huile r\u00e9colt\u00e9e en d\u00e9cembre.<\/p>\n<p>&nbsp;<\/p>\n<p>Il est recommand\u00e9 de conserver l\u2019huile dans un endroit frais, \u00e0 l\u2019abri de la lumi\u00e8re et de la chaleur.<\/p>\n","protected":false},"excerpt":{"rendered":"<p>Une exp\u00e9rience gastronomique pour observer l&rsquo;\u00e9volution des huiles pendant trois mois cons\u00e9cutifs : octobre, novembre et d\u00e9cembre. Pour la premi\u00e8re fois dans l&rsquo;huile, une bouteille transparente recouverte d&rsquo;un filtre anti-UVA a \u00e9t\u00e9 utilis\u00e9e pour pr\u00e9server l&rsquo;huile et<br \/>\npour observer l&rsquo;\u00e9volution de la couleur.<\/p>\n","protected":false},"featured_media":49611,"template":"","meta":{"_acf_changed":false,"wprm-recipe-roundup-name":"","wprm-recipe-roundup-description":""},"product_cat":[3061,3057],"product_tag":[],"class_list":{"0":"post-28478","1":"product","2":"type-product","3":"status-publish","4":"has-post-thumbnail","6":"product_cat-cas","7":"product_cat-huile-dolive-vierge-extra","9":"first","10":"instock","11":"purchasable","12":"product-type-simple"},"acf":[],"yoast_head":"<!-- This site is optimized with the Yoast SEO plugin v25.6 - https:\/\/yoast.com\/wordpress\/plugins\/seo\/ -->\n<title>La D\u00e9gustation Horizontale - Castillo de Canena<\/title>\n<meta name=\"description\" content=\"Une exp\u00e9rience gastronomique avec trois huiles vierge extra arbequine : frais, fruit\u00e9, m\u00fbr et doux. Les fruits sont cueillis \u00e0 des mois diff\u00e9rents de la r\u00e9colte.\" \/>\n<meta name=\"robots\" content=\"index, follow, max-snippet:-1, max-image-preview:large, max-video-preview:-1\" \/>\n<link rel=\"canonical\" href=\"https:\/\/www.castillodecanena.com\/fr\/producto\/la-degustation-horizontale\/\" \/>\n<meta property=\"og:locale\" content=\"fr_FR\" \/>\n<meta property=\"og:type\" content=\"article\" \/>\n<meta property=\"og:title\" content=\"La D\u00e9gustation Horizontale - Castillo de Canena\" \/>\n<meta property=\"og:description\" content=\"Une exp\u00e9rience gastronomique avec trois huiles vierge extra arbequine : frais, fruit\u00e9, m\u00fbr et doux. Les fruits sont cueillis \u00e0 des mois diff\u00e9rents de la r\u00e9colte.\" \/>\n<meta property=\"og:url\" content=\"https:\/\/www.castillodecanena.com\/fr\/producto\/la-degustation-horizontale\/\" \/>\n<meta property=\"og:site_name\" content=\"Castillo de Canena\" \/>\n<meta property=\"article:publisher\" content=\"https:\/\/www.facebook.com\/Castillo.de.Canena\" \/>\n<meta property=\"article:modified_time\" content=\"2023-11-27T00:00:14+00:00\" \/>\n<meta property=\"og:image\" content=\"https:\/\/www.castillodecanena.com\/wp-content\/uploads\/2022\/04\/CATA-HORIZONTAL.jpg\" \/>\n\t<meta property=\"og:image:width\" content=\"945\" \/>\n\t<meta property=\"og:image:height\" content=\"945\" \/>\n\t<meta property=\"og:image:type\" content=\"image\/jpeg\" \/>\n<meta name=\"twitter:card\" content=\"summary_large_image\" \/>\n<meta name=\"twitter:site\" content=\"@CastillodCanena\" \/>\n<script type=\"application\/ld+json\" class=\"yoast-schema-graph\">{\"@context\":\"https:\/\/schema.org\",\"@graph\":[{\"@type\":[\"WebPage\",\"ItemPage\"],\"@id\":\"https:\/\/www.castillodecanena.com\/fr\/producto\/la-degustation-horizontale\/\",\"url\":\"https:\/\/www.castillodecanena.com\/fr\/producto\/la-degustation-horizontale\/\",\"name\":\"La D\u00e9gustation Horizontale - Castillo de Canena\",\"isPartOf\":{\"@id\":\"https:\/\/www.castillodecanena.com\/fr\/#website\"},\"primaryImageOfPage\":{\"@id\":\"https:\/\/www.castillodecanena.com\/fr\/producto\/la-degustation-horizontale\/#primaryimage\"},\"image\":{\"@id\":\"https:\/\/www.castillodecanena.com\/fr\/producto\/la-degustation-horizontale\/#primaryimage\"},\"thumbnailUrl\":\"https:\/\/www.castillodecanena.com\/wp-content\/uploads\/2022\/04\/CATA-HORIZONTAL-2.jpg\",\"datePublished\":\"2022-04-11T22:00:37+00:00\",\"dateModified\":\"2023-11-27T00:00:14+00:00\",\"description\":\"Une exp\u00e9rience gastronomique avec trois huiles vierge extra arbequine : frais, fruit\u00e9, m\u00fbr et doux. Les fruits sont cueillis \u00e0 des mois diff\u00e9rents de la r\u00e9colte.\",\"breadcrumb\":{\"@id\":\"https:\/\/www.castillodecanena.com\/fr\/producto\/la-degustation-horizontale\/#breadcrumb\"},\"inLanguage\":\"fr-FR\",\"potentialAction\":[{\"@type\":\"ReadAction\",\"target\":[\"https:\/\/www.castillodecanena.com\/fr\/producto\/la-degustation-horizontale\/\"]}]},{\"@type\":\"ImageObject\",\"inLanguage\":\"fr-FR\",\"@id\":\"https:\/\/www.castillodecanena.com\/fr\/producto\/la-degustation-horizontale\/#primaryimage\",\"url\":\"https:\/\/www.castillodecanena.com\/wp-content\/uploads\/2022\/04\/CATA-HORIZONTAL-2.jpg\",\"contentUrl\":\"https:\/\/www.castillodecanena.com\/wp-content\/uploads\/2022\/04\/CATA-HORIZONTAL-2.jpg\",\"width\":1600,\"height\":1600},{\"@type\":\"BreadcrumbList\",\"@id\":\"https:\/\/www.castillodecanena.com\/fr\/producto\/la-degustation-horizontale\/#breadcrumb\",\"itemListElement\":[{\"@type\":\"ListItem\",\"position\":1,\"name\":\"Home\",\"item\":\"https:\/\/www.castillodecanena.com\/fr\/\"},{\"@type\":\"ListItem\",\"position\":2,\"name\":\"Tienda\",\"item\":\"https:\/\/www.castillodecanena.com\/fr\/tienda\/\"},{\"@type\":\"ListItem\",\"position\":3,\"name\":\"La D\u00e9gustation Horizontale\"}]},{\"@type\":\"WebSite\",\"@id\":\"https:\/\/www.castillodecanena.com\/fr\/#website\",\"url\":\"https:\/\/www.castillodecanena.com\/fr\/\",\"name\":\"Castillo de Canena\",\"description\":\"Aceites de Oliva virgen extra Premium\",\"publisher\":{\"@id\":\"https:\/\/www.castillodecanena.com\/fr\/#organization\"},\"potentialAction\":[{\"@type\":\"SearchAction\",\"target\":{\"@type\":\"EntryPoint\",\"urlTemplate\":\"https:\/\/www.castillodecanena.com\/fr\/?s={search_term_string}\"},\"query-input\":{\"@type\":\"PropertyValueSpecification\",\"valueRequired\":true,\"valueName\":\"search_term_string\"}}],\"inLanguage\":\"fr-FR\"},{\"@type\":\"Organization\",\"@id\":\"https:\/\/www.castillodecanena.com\/fr\/#organization\",\"name\":\"Castillo de Canena\",\"url\":\"https:\/\/www.castillodecanena.com\/fr\/\",\"logo\":{\"@type\":\"ImageObject\",\"inLanguage\":\"fr-FR\",\"@id\":\"https:\/\/www.castillodecanena.com\/fr\/#\/schema\/logo\/image\/\",\"url\":\"https:\/\/castillodecanena.com\/wp-content\/uploads\/2021\/08\/logo_castillo-de-canena_small.webp\",\"contentUrl\":\"https:\/\/castillodecanena.com\/wp-content\/uploads\/2021\/08\/logo_castillo-de-canena_small.webp\",\"width\":250,\"height\":174,\"caption\":\"Castillo de Canena\"},\"image\":{\"@id\":\"https:\/\/www.castillodecanena.com\/fr\/#\/schema\/logo\/image\/\"},\"sameAs\":[\"https:\/\/www.facebook.com\/Castillo.de.Canena\",\"https:\/\/x.com\/CastillodCanena\",\"https:\/\/www.instagram.com\/castillodecanena\/\",\"https:\/\/www.linkedin.com\/company\/castillo-de-canena-olive-juice\",\"https:\/\/www.pinterest.es\/castillodcanena\/\",\"https:\/\/www.youtube.com\/channel\/UCL64xPwm_9Atq2y1JxmwnxQ\",\"https:\/\/es.wikipedia.org\/wiki\/Castillo_de_Canena_(empresa)\"]}]}<\/script>\n<!-- \/ Yoast SEO plugin. -->","yoast_head_json":{"title":"La D\u00e9gustation Horizontale - Castillo de Canena","description":"Une exp\u00e9rience gastronomique avec trois huiles vierge extra arbequine : frais, fruit\u00e9, m\u00fbr et doux. Les fruits sont cueillis \u00e0 des mois diff\u00e9rents de la r\u00e9colte.","robots":{"index":"index","follow":"follow","max-snippet":"max-snippet:-1","max-image-preview":"max-image-preview:large","max-video-preview":"max-video-preview:-1"},"canonical":"https:\/\/www.castillodecanena.com\/fr\/producto\/la-degustation-horizontale\/","og_locale":"fr_FR","og_type":"article","og_title":"La D\u00e9gustation Horizontale - Castillo de Canena","og_description":"Une exp\u00e9rience gastronomique avec trois huiles vierge extra arbequine : frais, fruit\u00e9, m\u00fbr et doux. Les fruits sont cueillis \u00e0 des mois diff\u00e9rents de la r\u00e9colte.","og_url":"https:\/\/www.castillodecanena.com\/fr\/producto\/la-degustation-horizontale\/","og_site_name":"Castillo de Canena","article_publisher":"https:\/\/www.facebook.com\/Castillo.de.Canena","article_modified_time":"2023-11-27T00:00:14+00:00","og_image":[{"width":945,"height":945,"url":"https:\/\/www.castillodecanena.com\/wp-content\/uploads\/2022\/04\/CATA-HORIZONTAL.jpg","type":"image\/jpeg"}],"twitter_card":"summary_large_image","twitter_site":"@CastillodCanena","schema":{"@context":"https:\/\/schema.org","@graph":[{"@type":["WebPage","ItemPage"],"@id":"https:\/\/www.castillodecanena.com\/fr\/producto\/la-degustation-horizontale\/","url":"https:\/\/www.castillodecanena.com\/fr\/producto\/la-degustation-horizontale\/","name":"La D\u00e9gustation Horizontale - Castillo de Canena","isPartOf":{"@id":"https:\/\/www.castillodecanena.com\/fr\/#website"},"primaryImageOfPage":{"@id":"https:\/\/www.castillodecanena.com\/fr\/producto\/la-degustation-horizontale\/#primaryimage"},"image":{"@id":"https:\/\/www.castillodecanena.com\/fr\/producto\/la-degustation-horizontale\/#primaryimage"},"thumbnailUrl":"https:\/\/www.castillodecanena.com\/wp-content\/uploads\/2022\/04\/CATA-HORIZONTAL-2.jpg","datePublished":"2022-04-11T22:00:37+00:00","dateModified":"2023-11-27T00:00:14+00:00","description":"Une exp\u00e9rience gastronomique avec trois huiles vierge extra arbequine : frais, fruit\u00e9, m\u00fbr et doux. Les fruits sont cueillis \u00e0 des mois diff\u00e9rents de la r\u00e9colte.","breadcrumb":{"@id":"https:\/\/www.castillodecanena.com\/fr\/producto\/la-degustation-horizontale\/#breadcrumb"},"inLanguage":"fr-FR","potentialAction":[{"@type":"ReadAction","target":["https:\/\/www.castillodecanena.com\/fr\/producto\/la-degustation-horizontale\/"]}]},{"@type":"ImageObject","inLanguage":"fr-FR","@id":"https:\/\/www.castillodecanena.com\/fr\/producto\/la-degustation-horizontale\/#primaryimage","url":"https:\/\/www.castillodecanena.com\/wp-content\/uploads\/2022\/04\/CATA-HORIZONTAL-2.jpg","contentUrl":"https:\/\/www.castillodecanena.com\/wp-content\/uploads\/2022\/04\/CATA-HORIZONTAL-2.jpg","width":1600,"height":1600},{"@type":"BreadcrumbList","@id":"https:\/\/www.castillodecanena.com\/fr\/producto\/la-degustation-horizontale\/#breadcrumb","itemListElement":[{"@type":"ListItem","position":1,"name":"Home","item":"https:\/\/www.castillodecanena.com\/fr\/"},{"@type":"ListItem","position":2,"name":"Tienda","item":"https:\/\/www.castillodecanena.com\/fr\/tienda\/"},{"@type":"ListItem","position":3,"name":"La D\u00e9gustation Horizontale"}]},{"@type":"WebSite","@id":"https:\/\/www.castillodecanena.com\/fr\/#website","url":"https:\/\/www.castillodecanena.com\/fr\/","name":"Castillo de Canena","description":"Aceites de Oliva virgen extra Premium","publisher":{"@id":"https:\/\/www.castillodecanena.com\/fr\/#organization"},"potentialAction":[{"@type":"SearchAction","target":{"@type":"EntryPoint","urlTemplate":"https:\/\/www.castillodecanena.com\/fr\/?s={search_term_string}"},"query-input":{"@type":"PropertyValueSpecification","valueRequired":true,"valueName":"search_term_string"}}],"inLanguage":"fr-FR"},{"@type":"Organization","@id":"https:\/\/www.castillodecanena.com\/fr\/#organization","name":"Castillo de Canena","url":"https:\/\/www.castillodecanena.com\/fr\/","logo":{"@type":"ImageObject","inLanguage":"fr-FR","@id":"https:\/\/www.castillodecanena.com\/fr\/#\/schema\/logo\/image\/","url":"https:\/\/castillodecanena.com\/wp-content\/uploads\/2021\/08\/logo_castillo-de-canena_small.webp","contentUrl":"https:\/\/castillodecanena.com\/wp-content\/uploads\/2021\/08\/logo_castillo-de-canena_small.webp","width":250,"height":174,"caption":"Castillo de Canena"},"image":{"@id":"https:\/\/www.castillodecanena.com\/fr\/#\/schema\/logo\/image\/"},"sameAs":["https:\/\/www.facebook.com\/Castillo.de.Canena","https:\/\/x.com\/CastillodCanena","https:\/\/www.instagram.com\/castillodecanena\/","https:\/\/www.linkedin.com\/company\/castillo-de-canena-olive-juice","https:\/\/www.pinterest.es\/castillodcanena\/","https:\/\/www.youtube.com\/channel\/UCL64xPwm_9Atq2y1JxmwnxQ","https:\/\/es.wikipedia.org\/wiki\/Castillo_de_Canena_(empresa)"]}]}},"_links":{"self":[{"href":"https:\/\/www.castillodecanena.com\/fr\/wp-json\/wp\/v2\/product\/28478","targetHints":{"allow":["GET"]}}],"collection":[{"href":"https:\/\/www.castillodecanena.com\/fr\/wp-json\/wp\/v2\/product"}],"about":[{"href":"https:\/\/www.castillodecanena.com\/fr\/wp-json\/wp\/v2\/types\/product"}],"wp:featuredmedia":[{"embeddable":true,"href":"https:\/\/www.castillodecanena.com\/fr\/wp-json\/wp\/v2\/media\/49611"}],"wp:attachment":[{"href":"https:\/\/www.castillodecanena.com\/fr\/wp-json\/wp\/v2\/media?parent=28478"}],"wp:term":[{"taxonomy":"product_cat","embeddable":true,"href":"https:\/\/www.castillodecanena.com\/fr\/wp-json\/wp\/v2\/product_cat?post=28478"},{"taxonomy":"product_tag","embeddable":true,"href":"https:\/\/www.castillodecanena.com\/fr\/wp-json\/wp\/v2\/product_tag?post=28478"}],"curies":[{"name":"wp","href":"https:\/\/api.w.org\/{rel}","templated":true}]}}