{"id":29113,"date":"2022-04-11T22:09:00","date_gmt":"2022-04-11T22:09:00","guid":{"rendered":"https:\/\/dev-castillo-de-canena.pantheonsite.io\/producto\/oliwa-aove-z-ziemi-ktora-kocham-arbequina\/"},"modified":"2023-11-27T00:00:11","modified_gmt":"2023-11-27T00:00:11","slug":"oliwa-aove-z-ziemi-ktora-kocham-arbequina","status":"publish","type":"product","link":"https:\/\/www.castillodecanena.com\/pl\/producto\/oliwa-aove-z-ziemi-ktora-kocham-arbequina\/","title":{"rendered":"OLIWA AOVE Z ZIEMI, KT\u00d3R\u0104 KOCHAM ARBEQUINA"},"content":{"rendered":"<p>Oliwa z oliwek De la Tierra que Amo jest uk\u0142onem w stron\u0119 os\u00f3b, kt\u00f3re tak jak my s\u0105 rolnikami kochaj\u0105cymi swoj\u0105 ziemi\u0119 i kt\u00f3re podzielaj\u0105 szczere zobowi\u0105zanie, aby pozostawi\u0107 nadchodz\u0105cym pokoleniom zdrow\u0105 ziemi\u0119. \u017byjemy z naszych p\u00f3l upraw i pragniemy nadal to robi\u0107, stosuj\u0105c najbardziej wymagaj\u0105ce \u015brodki prowadz\u0105ce do zr\u00f3wnowa\u017conego rozwoju oraz najnowocze\u015bniejsze praktyki agronomiczne, z optymalizacj\u0105 korzystania z dost\u0119pnych zasob\u00f3w i odrzuceniem jakiegokolwiek u\u017cycia \u015brodk\u00f3w chwastob\u00f3jczych w celu odzyskania naturalnego ekosystemu otaczaj\u0105cego nas \u015brodowiska.<\/p>\n<p>Oliwa z oliwek z pierwszego t\u0142oczenia \u201eDe la tierra que amo\u201d prezentowana jest w uroczej i oryginalnej puszce. Otrzymuje si\u0119 j\u0105 z oliwek odmiany Arbequina uprawianych w gospodarstwie Cortijo Guadiana &#8211; ziemi, kt\u00f3r\u0105 kochamy i z kt\u00f3r\u0105 nasza rodzina jest zwi\u0105zana od ponad dw\u00f3ch stuleci. Oliwa Arbequino posiada najwy\u017csz\u0105 jako\u015b\u0107 i jest idealna do wszelkich kuchennych zastosowa\u0144.<\/p>\n","protected":false},"excerpt":{"rendered":"<p>Najwy\u017cszej jako\u015bci oliwa z oliwek z pierwszego t\u0142oczenia z oliwek odmiany Arbequina uprawiana na posiad\u0142o\u015bci Cortijo Guadiana w prowincji Ja\u00e9n. \u201eFrom the land I love\u201d jest wynikiem dobrze wykonanej pracy i jest idealny do wszystkich zastosowa\u0144 w Twojej kuchni.<br \/>\nDbamy o ziemi\u0119, aby dba\u0107 o Ciebie.<\/p>\n","protected":false},"featured_media":49606,"template":"","meta":{"_acf_changed":false,"wprm-recipe-roundup-name":"","wprm-recipe-roundup-description":""},"product_cat":[3079],"product_tag":[],"class_list":{"0":"post-29113","1":"product","2":"type-product","3":"status-publish","4":"has-post-thumbnail","6":"product_cat-oliwa-z-oliwek-z-pierwszego-tloczenia","8":"first","9":"instock","10":"purchasable","11":"product-type-simple"},"acf":[],"yoast_head":"<!-- This site is optimized with the Yoast SEO plugin v25.6 - https:\/\/yoast.com\/wordpress\/plugins\/seo\/ -->\n<title>OLIWA AOVE Z ZIEMI, KT\u00d3R\u0104 KOCHAM ARBEQUINA - Castillo de Canena<\/title>\n<meta name=\"description\" content=\"Oliwa De la Tierra que Amo Arbequina, nadaje przyrz\u0105dzanym potrawom wybitnego smaku. Jest to oliwa AOVE uzyskana z najlepszych oliwek z naszej ziemi.\" \/>\n<meta name=\"robots\" content=\"index, follow, max-snippet:-1, max-image-preview:large, max-video-preview:-1\" \/>\n<link rel=\"canonical\" href=\"https:\/\/www.castillodecanena.com\/pl\/producto\/oliwa-aove-z-ziemi-ktora-kocham-arbequina\/\" \/>\n<meta property=\"og:locale\" content=\"pl_PL\" \/>\n<meta property=\"og:type\" content=\"article\" \/>\n<meta property=\"og:title\" content=\"OLIWA AOVE Z ZIEMI, KT\u00d3R\u0104 KOCHAM ARBEQUINA - Castillo de Canena\" \/>\n<meta property=\"og:description\" content=\"Oliwa De la Tierra que Amo Arbequina, nadaje przyrz\u0105dzanym potrawom wybitnego smaku. Jest to oliwa AOVE uzyskana z najlepszych oliwek z naszej ziemi.\" \/>\n<meta property=\"og:url\" content=\"https:\/\/www.castillodecanena.com\/pl\/producto\/oliwa-aove-z-ziemi-ktora-kocham-arbequina\/\" \/>\n<meta property=\"og:site_name\" content=\"Castillo de Canena\" \/>\n<meta property=\"article:publisher\" content=\"https:\/\/www.facebook.com\/Castillo.de.Canena\" \/>\n<meta property=\"article:modified_time\" content=\"2023-11-27T00:00:11+00:00\" \/>\n<meta property=\"og:image\" content=\"https:\/\/www.castillodecanena.com\/wp-content\/uploads\/2022\/04\/lata_aove_arbequina-3.jpg\" \/>\n\t<meta property=\"og:image:width\" content=\"1600\" \/>\n\t<meta property=\"og:image:height\" content=\"1600\" \/>\n\t<meta property=\"og:image:type\" content=\"image\/jpeg\" \/>\n<meta name=\"twitter:card\" content=\"summary_large_image\" \/>\n<meta name=\"twitter:site\" content=\"@CastillodCanena\" \/>\n<script type=\"application\/ld+json\" class=\"yoast-schema-graph\">{\"@context\":\"https:\/\/schema.org\",\"@graph\":[{\"@type\":[\"WebPage\",\"ItemPage\"],\"@id\":\"https:\/\/www.castillodecanena.com\/pl\/producto\/oliwa-aove-z-ziemi-ktora-kocham-arbequina\/\",\"url\":\"https:\/\/www.castillodecanena.com\/pl\/producto\/oliwa-aove-z-ziemi-ktora-kocham-arbequina\/\",\"name\":\"OLIWA AOVE Z ZIEMI, KT\u00d3R\u0104 KOCHAM ARBEQUINA - Castillo de Canena\",\"isPartOf\":{\"@id\":\"https:\/\/www.castillodecanena.com\/pl\/#website\"},\"primaryImageOfPage\":{\"@id\":\"https:\/\/www.castillodecanena.com\/pl\/producto\/oliwa-aove-z-ziemi-ktora-kocham-arbequina\/#primaryimage\"},\"image\":{\"@id\":\"https:\/\/www.castillodecanena.com\/pl\/producto\/oliwa-aove-z-ziemi-ktora-kocham-arbequina\/#primaryimage\"},\"thumbnailUrl\":\"https:\/\/www.castillodecanena.com\/wp-content\/uploads\/2022\/04\/lata_aove_arbequina-3.jpg\",\"datePublished\":\"2022-04-11T22:09:00+00:00\",\"dateModified\":\"2023-11-27T00:00:11+00:00\",\"description\":\"Oliwa De la Tierra que Amo Arbequina, nadaje przyrz\u0105dzanym potrawom wybitnego smaku. Jest to oliwa AOVE uzyskana z najlepszych oliwek z naszej ziemi.\",\"breadcrumb\":{\"@id\":\"https:\/\/www.castillodecanena.com\/pl\/producto\/oliwa-aove-z-ziemi-ktora-kocham-arbequina\/#breadcrumb\"},\"inLanguage\":\"pl-PL\",\"potentialAction\":[{\"@type\":\"ReadAction\",\"target\":[\"https:\/\/www.castillodecanena.com\/pl\/producto\/oliwa-aove-z-ziemi-ktora-kocham-arbequina\/\"]}]},{\"@type\":\"ImageObject\",\"inLanguage\":\"pl-PL\",\"@id\":\"https:\/\/www.castillodecanena.com\/pl\/producto\/oliwa-aove-z-ziemi-ktora-kocham-arbequina\/#primaryimage\",\"url\":\"https:\/\/www.castillodecanena.com\/wp-content\/uploads\/2022\/04\/lata_aove_arbequina-3.jpg\",\"contentUrl\":\"https:\/\/www.castillodecanena.com\/wp-content\/uploads\/2022\/04\/lata_aove_arbequina-3.jpg\",\"width\":1600,\"height\":1600},{\"@type\":\"BreadcrumbList\",\"@id\":\"https:\/\/www.castillodecanena.com\/pl\/producto\/oliwa-aove-z-ziemi-ktora-kocham-arbequina\/#breadcrumb\",\"itemListElement\":[{\"@type\":\"ListItem\",\"position\":1,\"name\":\"Home\",\"item\":\"https:\/\/www.castillodecanena.com\/pl\/\"},{\"@type\":\"ListItem\",\"position\":2,\"name\":\"Tienda\",\"item\":\"https:\/\/www.castillodecanena.com\/pl\/tienda\/\"},{\"@type\":\"ListItem\",\"position\":3,\"name\":\"OLIWA AOVE Z ZIEMI, KT\u00d3R\u0104 KOCHAM ARBEQUINA\"}]},{\"@type\":\"WebSite\",\"@id\":\"https:\/\/www.castillodecanena.com\/pl\/#website\",\"url\":\"https:\/\/www.castillodecanena.com\/pl\/\",\"name\":\"Castillo de Canena\",\"description\":\"Aceites de Oliva virgen extra Premium\",\"publisher\":{\"@id\":\"https:\/\/www.castillodecanena.com\/pl\/#organization\"},\"potentialAction\":[{\"@type\":\"SearchAction\",\"target\":{\"@type\":\"EntryPoint\",\"urlTemplate\":\"https:\/\/www.castillodecanena.com\/pl\/?s={search_term_string}\"},\"query-input\":{\"@type\":\"PropertyValueSpecification\",\"valueRequired\":true,\"valueName\":\"search_term_string\"}}],\"inLanguage\":\"pl-PL\"},{\"@type\":\"Organization\",\"@id\":\"https:\/\/www.castillodecanena.com\/pl\/#organization\",\"name\":\"Castillo de Canena\",\"url\":\"https:\/\/www.castillodecanena.com\/pl\/\",\"logo\":{\"@type\":\"ImageObject\",\"inLanguage\":\"pl-PL\",\"@id\":\"https:\/\/www.castillodecanena.com\/pl\/#\/schema\/logo\/image\/\",\"url\":\"https:\/\/castillodecanena.com\/wp-content\/uploads\/2021\/08\/logo_castillo-de-canena_small.webp\",\"contentUrl\":\"https:\/\/castillodecanena.com\/wp-content\/uploads\/2021\/08\/logo_castillo-de-canena_small.webp\",\"width\":250,\"height\":174,\"caption\":\"Castillo de Canena\"},\"image\":{\"@id\":\"https:\/\/www.castillodecanena.com\/pl\/#\/schema\/logo\/image\/\"},\"sameAs\":[\"https:\/\/www.facebook.com\/Castillo.de.Canena\",\"https:\/\/x.com\/CastillodCanena\",\"https:\/\/www.instagram.com\/castillodecanena\/\",\"https:\/\/www.linkedin.com\/company\/castillo-de-canena-olive-juice\",\"https:\/\/www.pinterest.es\/castillodcanena\/\",\"https:\/\/www.youtube.com\/channel\/UCL64xPwm_9Atq2y1JxmwnxQ\",\"https:\/\/es.wikipedia.org\/wiki\/Castillo_de_Canena_(empresa)\"]}]}<\/script>\n<!-- \/ Yoast SEO plugin. -->","yoast_head_json":{"title":"OLIWA AOVE Z ZIEMI, KT\u00d3R\u0104 KOCHAM ARBEQUINA - Castillo de Canena","description":"Oliwa De la Tierra que Amo Arbequina, nadaje przyrz\u0105dzanym potrawom wybitnego smaku. Jest to oliwa AOVE uzyskana z najlepszych oliwek z naszej ziemi.","robots":{"index":"index","follow":"follow","max-snippet":"max-snippet:-1","max-image-preview":"max-image-preview:large","max-video-preview":"max-video-preview:-1"},"canonical":"https:\/\/www.castillodecanena.com\/pl\/producto\/oliwa-aove-z-ziemi-ktora-kocham-arbequina\/","og_locale":"pl_PL","og_type":"article","og_title":"OLIWA AOVE Z ZIEMI, KT\u00d3R\u0104 KOCHAM ARBEQUINA - Castillo de Canena","og_description":"Oliwa De la Tierra que Amo Arbequina, nadaje przyrz\u0105dzanym potrawom wybitnego smaku. Jest to oliwa AOVE uzyskana z najlepszych oliwek z naszej ziemi.","og_url":"https:\/\/www.castillodecanena.com\/pl\/producto\/oliwa-aove-z-ziemi-ktora-kocham-arbequina\/","og_site_name":"Castillo de Canena","article_publisher":"https:\/\/www.facebook.com\/Castillo.de.Canena","article_modified_time":"2023-11-27T00:00:11+00:00","og_image":[{"width":1600,"height":1600,"url":"https:\/\/www.castillodecanena.com\/wp-content\/uploads\/2022\/04\/lata_aove_arbequina-3.jpg","type":"image\/jpeg"}],"twitter_card":"summary_large_image","twitter_site":"@CastillodCanena","schema":{"@context":"https:\/\/schema.org","@graph":[{"@type":["WebPage","ItemPage"],"@id":"https:\/\/www.castillodecanena.com\/pl\/producto\/oliwa-aove-z-ziemi-ktora-kocham-arbequina\/","url":"https:\/\/www.castillodecanena.com\/pl\/producto\/oliwa-aove-z-ziemi-ktora-kocham-arbequina\/","name":"OLIWA AOVE Z ZIEMI, KT\u00d3R\u0104 KOCHAM ARBEQUINA - Castillo de Canena","isPartOf":{"@id":"https:\/\/www.castillodecanena.com\/pl\/#website"},"primaryImageOfPage":{"@id":"https:\/\/www.castillodecanena.com\/pl\/producto\/oliwa-aove-z-ziemi-ktora-kocham-arbequina\/#primaryimage"},"image":{"@id":"https:\/\/www.castillodecanena.com\/pl\/producto\/oliwa-aove-z-ziemi-ktora-kocham-arbequina\/#primaryimage"},"thumbnailUrl":"https:\/\/www.castillodecanena.com\/wp-content\/uploads\/2022\/04\/lata_aove_arbequina-3.jpg","datePublished":"2022-04-11T22:09:00+00:00","dateModified":"2023-11-27T00:00:11+00:00","description":"Oliwa De la Tierra que Amo Arbequina, nadaje przyrz\u0105dzanym potrawom wybitnego smaku. Jest to oliwa AOVE uzyskana z najlepszych oliwek z naszej ziemi.","breadcrumb":{"@id":"https:\/\/www.castillodecanena.com\/pl\/producto\/oliwa-aove-z-ziemi-ktora-kocham-arbequina\/#breadcrumb"},"inLanguage":"pl-PL","potentialAction":[{"@type":"ReadAction","target":["https:\/\/www.castillodecanena.com\/pl\/producto\/oliwa-aove-z-ziemi-ktora-kocham-arbequina\/"]}]},{"@type":"ImageObject","inLanguage":"pl-PL","@id":"https:\/\/www.castillodecanena.com\/pl\/producto\/oliwa-aove-z-ziemi-ktora-kocham-arbequina\/#primaryimage","url":"https:\/\/www.castillodecanena.com\/wp-content\/uploads\/2022\/04\/lata_aove_arbequina-3.jpg","contentUrl":"https:\/\/www.castillodecanena.com\/wp-content\/uploads\/2022\/04\/lata_aove_arbequina-3.jpg","width":1600,"height":1600},{"@type":"BreadcrumbList","@id":"https:\/\/www.castillodecanena.com\/pl\/producto\/oliwa-aove-z-ziemi-ktora-kocham-arbequina\/#breadcrumb","itemListElement":[{"@type":"ListItem","position":1,"name":"Home","item":"https:\/\/www.castillodecanena.com\/pl\/"},{"@type":"ListItem","position":2,"name":"Tienda","item":"https:\/\/www.castillodecanena.com\/pl\/tienda\/"},{"@type":"ListItem","position":3,"name":"OLIWA AOVE Z ZIEMI, KT\u00d3R\u0104 KOCHAM ARBEQUINA"}]},{"@type":"WebSite","@id":"https:\/\/www.castillodecanena.com\/pl\/#website","url":"https:\/\/www.castillodecanena.com\/pl\/","name":"Castillo de Canena","description":"Aceites de Oliva virgen extra Premium","publisher":{"@id":"https:\/\/www.castillodecanena.com\/pl\/#organization"},"potentialAction":[{"@type":"SearchAction","target":{"@type":"EntryPoint","urlTemplate":"https:\/\/www.castillodecanena.com\/pl\/?s={search_term_string}"},"query-input":{"@type":"PropertyValueSpecification","valueRequired":true,"valueName":"search_term_string"}}],"inLanguage":"pl-PL"},{"@type":"Organization","@id":"https:\/\/www.castillodecanena.com\/pl\/#organization","name":"Castillo de Canena","url":"https:\/\/www.castillodecanena.com\/pl\/","logo":{"@type":"ImageObject","inLanguage":"pl-PL","@id":"https:\/\/www.castillodecanena.com\/pl\/#\/schema\/logo\/image\/","url":"https:\/\/castillodecanena.com\/wp-content\/uploads\/2021\/08\/logo_castillo-de-canena_small.webp","contentUrl":"https:\/\/castillodecanena.com\/wp-content\/uploads\/2021\/08\/logo_castillo-de-canena_small.webp","width":250,"height":174,"caption":"Castillo de Canena"},"image":{"@id":"https:\/\/www.castillodecanena.com\/pl\/#\/schema\/logo\/image\/"},"sameAs":["https:\/\/www.facebook.com\/Castillo.de.Canena","https:\/\/x.com\/CastillodCanena","https:\/\/www.instagram.com\/castillodecanena\/","https:\/\/www.linkedin.com\/company\/castillo-de-canena-olive-juice","https:\/\/www.pinterest.es\/castillodcanena\/","https:\/\/www.youtube.com\/channel\/UCL64xPwm_9Atq2y1JxmwnxQ","https:\/\/es.wikipedia.org\/wiki\/Castillo_de_Canena_(empresa)"]}]}},"_links":{"self":[{"href":"https:\/\/www.castillodecanena.com\/pl\/wp-json\/wp\/v2\/product\/29113","targetHints":{"allow":["GET"]}}],"collection":[{"href":"https:\/\/www.castillodecanena.com\/pl\/wp-json\/wp\/v2\/product"}],"about":[{"href":"https:\/\/www.castillodecanena.com\/pl\/wp-json\/wp\/v2\/types\/product"}],"wp:featuredmedia":[{"embeddable":true,"href":"https:\/\/www.castillodecanena.com\/pl\/wp-json\/wp\/v2\/media\/49606"}],"wp:attachment":[{"href":"https:\/\/www.castillodecanena.com\/pl\/wp-json\/wp\/v2\/media?parent=29113"}],"wp:term":[{"taxonomy":"product_cat","embeddable":true,"href":"https:\/\/www.castillodecanena.com\/pl\/wp-json\/wp\/v2\/product_cat?post=29113"},{"taxonomy":"product_tag","embeddable":true,"href":"https:\/\/www.castillodecanena.com\/pl\/wp-json\/wp\/v2\/product_tag?post=29113"}],"curies":[{"name":"wp","href":"https:\/\/api.w.org\/{rel}","templated":true}]}}